{"id":27,"date":"2026-02-18T14:20:59","date_gmt":"2026-02-18T13:20:59","guid":{"rendered":"https:\/\/psutw.piekary.pl\/?page_id=27"},"modified":"2026-02-18T14:20:59","modified_gmt":"2026-02-18T13:20:59","slug":"regulamin","status":"publish","type":"page","link":"https:\/\/psutw.piekary.pl\/index.php\/regulamin\/","title":{"rendered":"Regulamin"},"content":{"rendered":"\n<h1 class=\"wp-block-heading\">\u00a71<\/h1>\n\n\n\n<p>Organizatorem Piekarskiego Stowarzyszenia Uniwersytet Trzeciego Wieku, zwanego dalej Stowarzyszeniem, jest Stowarzyszenie z siedzib\u0105 w Piekarach \u015al\u0105skich przy ulicy \u017bwirki 23.<\/p>\n\n\n\n<h2 class=\"wp-block-heading\">\u00a72<\/h2>\n\n\n\n<p>S\u0142uchaczem Stowarzyszenia UTW mo\u017ce zosta\u0107 ka\u017cda osoba po uko\u0144czeniu 50. roku \u017cycia, bez wzgl\u0119du na poziom wykszta\u0142cenia, wyra\u017caj\u0105ca ch\u0119\u0107 poszerzenia swojej wiedzy i podniesienia umiej\u0119tno\u015bci poprzez aktywne sp\u0119dzanie wolnego czasu.<\/p>\n\n\n\n<h2 class=\"wp-block-heading\">\u00a73<\/h2>\n\n\n\n<ol class=\"wp-block-list\">\n<li>Zapisy do PS UTW przeprowadzane s\u0105 raz w roku w miesi\u0105cu wrze\u015bniu w terminach okre\u015blonych przez Zarz\u0105d Stowarzyszenia \u201ePiekarskie Stowarzyszenie Uniwersytet Trzeciego Wieku\u201d<\/li>\n\n\n\n<li>Dopuszcza si\u0119 mo\u017cliwo\u015b\u0107 przeprowadzenia zapis\u00f3w uzupe\u0142niaj\u0105cych w trakcie roku akademickiego.<\/li>\n<\/ol>\n\n\n\n<h2 class=\"wp-block-heading\">\u00a74<\/h2>\n\n\n\n<p>Osoba wst\u0119puj\u0105ca w poczet s\u0142uchaczy zobligowana jest do wype\u0142nienia deklaracji s\u0142uchacza, dokonania op\u0142aty wpisowego w wysoko\u015bci ustalonej przez Zarz\u0105d Stowarzyszenia oraz podpisania informacji RODO.<\/p>\n\n\n\n<h2 class=\"wp-block-heading\">\u00a75<\/h2>\n\n\n\n<p>S\u0142uchacz ma prawo do:<\/p>\n\n\n\n<ol class=\"wp-block-list\">\n<li>Wsp\u00f3\u0142tworzenia program\u00f3w kszta\u0142cenia,<\/li>\n\n\n\n<li>Wsp\u00f3\u0142decydowania o formach kszta\u0142cenia,<\/li>\n\n\n\n<li>Czynnego i biernego prawa wyboru Rady S\u0142uchaczy,<\/li>\n\n\n\n<li>Uczestniczenia w wyk\u0142adach (bezp\u0142atnie) oraz innych formach zaj\u0119\u0107 grupowych (dodatkowo p\u0142atne w wysoko\u015bci ustalonej przez Zarz\u0105d Stowarzyszenia). S\u0142uchacz mo\u017ce wybra\u0107 dowoln\u0105 liczb\u0119 innych form zaj\u0119\u0107 grupowych, w kt\u00f3rych pragnie uczestniczy\u0107,<\/li>\n\n\n\n<li>Systematycznego rozwijania zainteresowa\u0144 i podwy\u017cszania swoich kompetencji.<\/li>\n<\/ol>\n\n\n\n<h2 class=\"wp-block-heading\">\u00a76<\/h2>\n\n\n\n<p>S\u0142uchacze Piekarskiego Stowarzyszenia UTW zobowi\u0105zani s\u0105 do:<\/p>\n\n\n\n<ol class=\"wp-block-list\">\n<li>Aktywnego uczestnictwa w realizacji zada\u0144 programowych,<\/li>\n\n\n\n<li>Przestrzegania Regulaminu i decyzji Zarz\u0105du,<\/li>\n\n\n\n<li>Przestrzegania zasad kulturalnego wsp\u00f3\u0142\u017cycia w spo\u0142eczno\u015bci akademickiej oraz wzajemnej \u017cyczliwo\u015bci i pomocy kole\u017ce\u0144skiej,<\/li>\n\n\n\n<li>Regulowania na bie\u017c\u0105co nale\u017cnych op\u0142at za udzia\u0142 w zaj\u0119ciach.<\/li>\n<\/ol>\n\n\n\n<h2 class=\"wp-block-heading\">\u00a77<\/h2>\n\n\n\n<p>Prawa s\u0142uchacza Piekarskiego Stowarzyszenia UTW wygasaj\u0105 w skutek:<\/p>\n\n\n\n<ol class=\"wp-block-list\">\n<li>Dobrowolnego pisemnego wyst\u0105pienia,<\/li>\n\n\n\n<li>Skre\u015blenia z listy S\u0142uchaczy z powodu nieprzestrzegania zasad kulturalnego wsp\u00f3\u0142\u017cycia spo\u0142ecznego, niew\u0142a\u015bciwego post\u0119powania lub zachowania godz\u0105cego w autorytet i dobre imi\u0119 Piekarskiego Stowarzyszenia UTW,<\/li>\n\n\n\n<li>\u015amierci S\u0142uchacza,<\/li>\n\n\n\n<li>Niewniesienia op\u0142at przez okres d\u0142u\u017cszy ni\u017c 3 miesi\u0105ce.<\/li>\n<\/ol>\n\n\n\n<h2 class=\"wp-block-heading\">\u00a78<\/h2>\n\n\n\n<ol class=\"wp-block-list\">\n<li>Samorz\u0105d s\u0142uchaczy stanowi\u0105 wszyscy s\u0142uchacze Piekarskiego Stowarzyszenia UTW. Organem samorz\u0105dowym PS UTW jest 3-osobowa Rada S\u0142uchaczy wybrana spo\u015br\u00f3d s\u0142uchaczy w g\u0142osowaniu jawnym na pierwszym spotkaniu organizacyjnym w danym roku akademickim.<\/li>\n\n\n\n<li>Rada s\u0142uchaczy pe\u0142ni funkcje doradcze wobec Zarz\u0105du Stowarzyszenia.<\/li>\n\n\n\n<li>Do zakresu dzia\u0142ania Rady S\u0142uchaczy nale\u017cy:\n<ol class=\"wp-block-list\">\n<li>Realizowanie wniosk\u00f3w s\u0142uchaczy,<\/li>\n\n\n\n<li>Organizowanie dzia\u0142alno\u015bci turystycznej, kulturalnej i sportowej,<\/li>\n\n\n\n<li>Wsp\u00f3\u0142tworzenie atmosfery \u017cyczliwo\u015bci i zgodnego wsp\u00f3\u0142dzia\u0142ania,<\/li>\n\n\n\n<li>Wnoszenie propozycji do Zarz\u0105du Stowarzyszenia UTW dotycz\u0105cych programu dzia\u0142alno\u015bci.<\/li>\n<\/ol>\n<\/li>\n<\/ol>\n\n\n\n<h2 class=\"wp-block-heading\">\u00a79<\/h2>\n\n\n\n<ol class=\"wp-block-list\">\n<li>Zaj\u0119cia w ramach PS UTW odbywaj\u0105 si\u0119 w systemie semestralnym. Rok akademicki trwa od pa\u017adziernika do maja nast\u0119pnego roku kalendarzowego i podzielony jest na dwa semestry.<\/li>\n\n\n\n<li>W ci\u0105gu roku akademickiego przewidziane s\u0105 dwie przerwy zwi\u0105zane ze \u015bwi\u0119tami Bo\u017cego Narodzenia i Wielkanocy.<\/li>\n<\/ol>\n\n\n\n<h2 class=\"wp-block-heading\">\u00a710<\/h2>\n\n\n\n<ol class=\"wp-block-list\">\n<li>Nowi s\u0142uchacze Piekarskiego Stowarzyszenia UTW na inauguracji roku akademickiego \u015blubuj\u0105 i otrzymuj\u0105 legitymacj\u0119, wraz z upominkiem. Legitymacja jest co roku opiecz\u0119towana.<\/li>\n\n\n\n<li>Starostowie poszczeg\u00f3lnych fakultet\u00f3w na zako\u0144czenie roku akademickiego otrzymuj\u0105 podzi\u0119kowania, a S\u0142uchacze, kt\u00f3rzy aktywnie wsp\u00f3\u0142pracowali dla dobra Stowarzyszenia i Zarz\u0105dem, otrzymuj\u0105 dyplomy.<\/li>\n<\/ol>\n","protected":false},"excerpt":{"rendered":"<p>\u00a71 Organizatorem Piekarskiego Stowarzyszenia Uniwersytet Trzeciego Wieku, zwanego dalej Stowarzyszeniem, jest Stowarzyszenie z siedzib\u0105 w Piekarach \u015al\u0105skich przy ulicy \u017bwirki 23. \u00a72 S\u0142uchaczem Stowarzyszenia UTW mo\u017ce zosta\u0107 ka\u017cda osoba po uko\u0144czeniu 50. roku \u017cycia, bez wzgl\u0119du na poziom wykszta\u0142cenia, wyra\u017caj\u0105ca ch\u0119\u0107 poszerzenia swojej wiedzy i podniesienia umiej\u0119tno\u015bci poprzez aktywne sp\u0119dzanie wolnego czasu. \u00a73 \u00a74 Osoba\u2026 <span class=\"read-more\"><a href=\"https:\/\/psutw.piekary.pl\/index.php\/regulamin\/\">Dowiedz si\u0119 wi\u0119cej &raquo;<\/a><\/span><\/p>\n","protected":false},"author":1,"featured_media":0,"parent":0,"menu_order":0,"comment_status":"closed","ping_status":"closed","template":"","meta":{"footnotes":""},"class_list":["post-27","page","type-page","status-publish","hentry"],"_links":{"self":[{"href":"https:\/\/psutw.piekary.pl\/index.php\/wp-json\/wp\/v2\/pages\/27","targetHints":{"allow":["GET"]}}],"collection":[{"href":"https:\/\/psutw.piekary.pl\/index.php\/wp-json\/wp\/v2\/pages"}],"about":[{"href":"https:\/\/psutw.piekary.pl\/index.php\/wp-json\/wp\/v2\/types\/page"}],"author":[{"embeddable":true,"href":"https:\/\/psutw.piekary.pl\/index.php\/wp-json\/wp\/v2\/users\/1"}],"replies":[{"embeddable":true,"href":"https:\/\/psutw.piekary.pl\/index.php\/wp-json\/wp\/v2\/comments?post=27"}],"version-history":[{"count":1,"href":"https:\/\/psutw.piekary.pl\/index.php\/wp-json\/wp\/v2\/pages\/27\/revisions"}],"predecessor-version":[{"id":28,"href":"https:\/\/psutw.piekary.pl\/index.php\/wp-json\/wp\/v2\/pages\/27\/revisions\/28"}],"wp:attachment":[{"href":"https:\/\/psutw.piekary.pl\/index.php\/wp-json\/wp\/v2\/media?parent=27"}],"curies":[{"name":"wp","href":"https:\/\/api.w.org\/{rel}","templated":true}]}}