{"id":141,"date":"2026-02-18T17:06:01","date_gmt":"2026-02-18T16:06:01","guid":{"rendered":"https:\/\/psutw.piekary.pl\/?page_id=141"},"modified":"2026-02-18T17:06:01","modified_gmt":"2026-02-18T16:06:01","slug":"projekty","status":"publish","type":"page","link":"https:\/\/psutw.piekary.pl\/index.php\/projekty\/","title":{"rendered":"Projekty"},"content":{"rendered":"\n<div class=\"wp-block-group\"><div class=\"wp-block-group__inner-container is-layout-constrained wp-block-group-is-layout-constrained\">\n<p><strong>PROGRAMU NOWEFIO &#8211; KONKURS NOWEFIO 2025\u202f\u00a0FIO\u00a0\u00a0<\/strong><\/p>\n<\/div><\/div>\n\n\n\n<p><strong>Obywatelu do dzie\u0142a !<\/strong> \u2013 kwota dotacji 291 800,00 z\u0142&nbsp;<\/p>\n\n\n\n<p>Celem g\u0142\u00f3wnym projektu jest zwi\u0119kszenie zaanga\u017cowania w \u017cycie spo\u0142eczne grupy 240 senior\u00f3w (os\u00f3b 60+) obj\u0119tych wparciem w ramach projektu poprzez podniesienie ich wiedzy i umiej\u0119tno\u015bci w zakresie postaw obywatelskich co skutkowa\u0107 ma wzrostem ich reprezentatywno\u015bci w polityce lokalnej i regionalnej wojew\u00f3dztw \u015bl\u0105skiego, co stanie si\u0119 do 2026-12-31.\u202f&nbsp;<br>Projekt oparty b\u0119dzie m.in. na rozwi\u0105zaniach przedstawionych podczas poprzednich inicjatyw finansowanych w ramach NOWE FIO. B\u0119dzie opiera\u0107 si\u0119 na tamtych do\u015bwiadczeniach wzbogaconych o nowe kompetencje nabyte m.in. podczas programu ERASMUS PLUS .Projekt b\u0119dzie realizowany na kilku p\u0142aszczyznach: wsparcie lider\u00f3w lokalnych, wsparcie \u015brodowisk lokalnych (przy u\u017cyciu technik IT), wypracowanie inicjatyw obywatelskich zainicjowanie porozumienia \u015brodowisk lokalnych.&nbsp;<\/p>\n\n\n\n<p><strong>Program wieloletni na rzecz Os\u00f3b Starszych \u201eAktywni+\u201d na lata 2021-2025\u00a0<\/strong>AKTYWNI +\u00a0<\/p>\n\n\n\n<p><strong>Seniorzy w Akcji: proekologiczne Dzia\u0142ania na Rzecz \u015arodowiska \u2013 <\/strong>kwota dofinasowania\u00a0\u00a0152 916,40 z\u0142\u00a0<\/p>\n\n\n\n<p>Wojew\u00f3dztwo \u015al\u0105skie jest obszarem w Polsce, kt\u00f3ry aktualnie poddawany jest intensywnym procesom transformacji przechodzenia z gospodarki g\u00f3rniczej do gospodarki sprzyjaj\u0105cej \u015brodowisku, respektuj\u0105cej zasady zielonego \u0142adu i zr\u00f3wnowa\u017conego rozwoju.&nbsp;<br>&nbsp;<br>Zgodnie z za\u0142o\u017ceniami Terytorialnego Planu Sprawiedliwej Transformacji Woj. \u015al 2030 jednym z priorytet\u00f3w jest: Kompleksowy system wsparcia spo\u0142ecznego aktywizuj\u0105cy mieszka\u0144c\u00f3w podregion\u00f3w g\u00f3rniczych.&nbsp;<br>&nbsp;<br>Jednocze\u015bnie w ramach Funduszu na Rzecz Sprawiedliwej Transformacji nast\u0119puj\u0105co sformu\u0142owano cel g\u0142\u00f3wny: \u0142agodzenie skutk\u00f3w spo\u0142ecznych, gospodarczych i \u015brodowiskowych przej\u015bcia na gospodark\u0119 neutraln\u0105 dla klimatu.&nbsp;<br>&nbsp;<br>Wskazuje to na \u015bwiadomo\u015b\u0107, i\u017c wprowadzenie zmian w wojew\u00f3dztwie oznacza nie tylko zmiany gospodarcze, technologiczne ale te\u017c zmiany w mentalno\u015bci, postawach mieszka\u0144c\u00f3w wojew\u00f3dztwa.&nbsp;<br>&nbsp;<br>Jednocze\u015bnie ww. dwa dokumenty wskazuj\u0105 na konieczno\u015b\u0107 zachowania to\u017csamo\u015bci (tradycji, kultury, zwyczaj\u00f3w) regionu, jako no\u015bnik\u00f3w warto\u015bci, z kt\u00f3rych mieszka\u0144cy powinni by\u0107 \u015bwiadomi i z kt\u00f3rych mog\u0105 by\u0107 dumni.&nbsp;<br>&nbsp;<br>I tu pojawia si\u0119 kluczowe znaczenie senior\u00f3w, os\u00f3b w kt\u00f3rych g\u00f3rnicze zwyczaje, tradycje s\u0105 zakorzenione (czasem nadal kultywowane), kt\u00f3re znaj\u0105 je z w\u0142asnych prze\u017cy\u0107 (nie cz\u0119sto przek\u0142amanych relacji). Seniorzy mog\u0105 sta\u0107 si\u0119 \u0142\u0105cznikiem mi\u0119dzy tradycj\u0105 a nowoczesno\u015bci\u0105 pod warunkiem aktywnego w\u0142\u0105czenia ich w procesy transformacyjne, co z kolei wymaga zrozumienia przez nich, zgody i partycypacji w tych procesach.&nbsp;<br>&nbsp;<br>Dlatego w\u0142a\u015bnie g\u0142\u00f3wnym celem projektu jest rozw\u00f3j aktywno\u015bci spo\u0142ecznej 240 senior\u00f3w (60+) z terenu 12 pog\u00f3rniczych gmin\/\u015brodowisk lokalnych wojew\u00f3dztwa \u015bl\u0105skiego z szczeg\u00f3lnym uwzgl\u0119dnieniem: wzmacniania postaw pro-ekologicznych oraz wiedzy i umiej\u0119tno\u015bci z zakresu partycypacji obywatelskiej w okresie 01.07-31.12.2024.&nbsp;<br>&nbsp;<br>Cele szczeg\u00f3\u0142owe(efekty):&nbsp;<br>&nbsp;<br>&#8211; aktywizacja spo\u0142eczna 240 senior\u00f3w- mieszka\u0144c\u00f3w obszar\u00f3w pog\u00f3rniczych przez utworzenie w ka\u017cdym \u015brodowisku Grupy Aktywno\u015bci Lokalnej&nbsp;<br>&nbsp;<br>-poprawa jako\u015bci \u017cycia senior\u00f3w &#8211; mieszka\u0144c\u00f3w spo\u0142eczno\u015bci lokalnej w odpowiedzi na zdiagnozowane problemy spo\u0142eczne przy zachowaniu to\u017csamo\u015bci kulturowej, historycznej i przemys\u0142owej obszaru poprzez realizacj\u0119 3 inicjatyw oddolnych (w trakcie trwania projektu) i opracowanie 9 inicjatyw (kt\u00f3re zostan\u0105 zaplanowane i zrealizowane po uzyskaniu \u017ar\u00f3de\u0142 finansowania)&nbsp;<br>&nbsp;<br>&#8211; zwi\u0119kszenie wiedzy i \u015bwiadomo\u015bci 240 senior\u00f3w z zakresu zielonej gospodarki, ekologii i transformacji regionu Z SZCZEG\u00d3LNYM UWZGL\u0118DNIENIEM DZIA\u0141A\u0143 PODEJMOWANYCH W WW. ZAKRESIE MIKRO-SKALI \u2013na rzecz spo\u0142eczno\u015bci lokalnej&nbsp;<br>&nbsp;<br>-zwi\u0119kszenie wiedzy i umiej\u0119tno\u015bci 240 senior\u00f3w z zakresu mo\u017cliwo\u015bci aktywizacji i dzia\u0142a\u0144 na rzecz wsp\u00f3lnoty lokalnej, a tym samym zwi\u0119kszenia ich wp\u0142ywu na warunki \u017cycia w tej wsp\u00f3lnocie.&nbsp;<\/p>\n\n\n\n<p><strong>2024\u00a0&#8211; Program wieloletni na rzecz Os\u00f3b Starszych \u201eAktywni+\u201d na lata 2021-2025\u00a0AKTYWNI +\u00a0<\/strong><\/p>\n\n\n\n<p><strong>Seniorzy w Akcji: proekologiczne Dzia\u0142ania na Rzecz \u015arodowiska \u2013 <\/strong>kwota dofinansowania\u00a0\u00a0206 912,00 z\u0142\u00a0<\/p>\n\n\n\n<p>Wojew\u00f3dztwo \u015al\u0105skie jest obszarem w Polsce, kt\u00f3ry aktualnie poddawany jest intensywnym procesom transformacji przechodzenia z gospodarki g\u00f3rniczej do gospodarki sprzyjaj\u0105cej \u015brodowisku, respektuj\u0105cej zasady zielonego \u0142adu i zr\u00f3wnowa\u017conego rozwoju.&nbsp;<\/p>\n\n\n\n<p>Zgodnie z za\u0142o\u017ceniami Terytorialnego Planu Sprawiedliwej Transformacji Woj. \u015al 2030 jednym z priorytet\u00f3w jest: Kompleksowy system wsparcia spo\u0142ecznego aktywizuj\u0105cy mieszka\u0144c\u00f3w podregion\u00f3w g\u00f3rniczych.&nbsp;<\/p>\n\n\n\n<p>Jednocze\u015bnie w ramach Funduszu na Rzecz Sprawiedliwej Transformacji nast\u0119puj\u0105co sformu\u0142owano cel g\u0142\u00f3wny: \u0142agodzenie skutk\u00f3w spo\u0142ecznych, gospodarczych i \u015brodowiskowych przej\u015bcia na gospodark\u0119 neutraln\u0105 dla klimatu.&nbsp;<\/p>\n\n\n\n<p>Wskazuje to na \u015bwiadomo\u015b\u0107, i\u017c wprowadzenie zmian w wojew\u00f3dztwie oznacza nie tylko zmiany gospodarcze, technologiczne, ale te\u017c zmiany w mentalno\u015bci, postawach mieszka\u0144c\u00f3w wojew\u00f3dztwa.&nbsp;<\/p>\n\n\n\n<p>Jednocze\u015bnie ww. dwa dokumenty wskazuj\u0105 na konieczno\u015b\u0107 zachowania to\u017csamo\u015bci (tradycji, kultury, zwyczaj\u00f3w) regionu, jako no\u015bnik\u00f3w warto\u015bci, z kt\u00f3rych mieszka\u0144cy powinni by\u0107 \u015bwiadomi i z kt\u00f3rych mog\u0105 by\u0107 dumni.&nbsp;<\/p>\n\n\n\n<p>I tu pojawia si\u0119 kluczowe znaczenie senior\u00f3w, os\u00f3b w kt\u00f3rych g\u00f3rnicze zwyczaje, tradycje s\u0105 zakorzenione (czasem nadal kultywowane), kt\u00f3re znaj\u0105 je z w\u0142asnych prze\u017cy\u0107 (nie cz\u0119sto przek\u0142amanych relacji). Seniorzy mog\u0105 sta\u0107 si\u0119 \u0142\u0105cznikiem mi\u0119dzy tradycj\u0105 a nowoczesno\u015bci\u0105 pod warunkiem aktywnego w\u0142\u0105czenia ich w procesy transformacyjne, co z kolei wymaga zrozumienia przez nich, zgody i partycypacji w tych procesach.&nbsp;<\/p>\n\n\n\n<p>Dlatego w\u0142a\u015bnie g\u0142\u00f3wnym celem projektu jest rozw\u00f3j aktywno\u015bci spo\u0142ecznej 240 senior\u00f3w (60+) z terenu 12 pog\u00f3rniczych gmin\/\u015brodowisk lokalnych wojew\u00f3dztwa \u015bl\u0105skiego z szczeg\u00f3lnym uwzgl\u0119dnieniem: wzmacniania postaw pro-ekologicznych oraz wiedzy i umiej\u0119tno\u015bci z zakresu partycypacji obywatelskiej w okresie 01.07-31.12.2024.&nbsp;<\/p>\n\n\n\n<p>Cele szczeg\u00f3\u0142owe(efekty):&nbsp;<\/p>\n\n\n\n<p>&#8211; aktywizacja spo\u0142eczna 240 senior\u00f3w- mieszka\u0144c\u00f3w obszar\u00f3w pog\u00f3rniczych przez utworzenie w ka\u017cdym \u015brodowisku Grupy Aktywno\u015bci Lokalnej&nbsp;<\/p>\n\n\n\n<p>-poprawa jako\u015bci \u017cycia senior\u00f3w &#8211; mieszka\u0144c\u00f3w spo\u0142eczno\u015bci lokalnej w odpowiedzi na zdiagnozowane problemy spo\u0142eczne przy zachowaniu to\u017csamo\u015bci kulturowej, historycznej i przemys\u0142owej obszaru poprzez realizacj\u0119 3 inicjatyw oddolnych (w trakcie trwania projektu) i opracowanie 9 inicjatyw (kt\u00f3re zostan\u0105 zaplanowane i zrealizowane po uzyskaniu \u017ar\u00f3de\u0142 finansowania)&nbsp;<\/p>\n\n\n\n<p>&#8211; zwi\u0119kszenie wiedzy i \u015bwiadomo\u015bci 240 senior\u00f3w z zakresu zielonej gospodarki, ekologii i transformacji regionu Z SZCZEG\u00d3LNYM UWZGL\u0118DNIENIEM DZIA\u0141A\u0143 PODEJMOWANYCH W WW. ZAKRESIE MIKRO-SKALI \u2013na rzecz spo\u0142eczno\u015bci lokalnej&nbsp;<\/p>\n\n\n\n<p>-zwi\u0119kszenie wiedzy i umiej\u0119tno\u015bci 240 senior\u00f3w z zakresu mo\u017cliwo\u015bci aktywizacji i dzia\u0142a\u0144 na rzecz wsp\u00f3lnoty lokalnej, a tym samym zwi\u0119kszenia ich wp\u0142ywu na warunki \u017cycia w tej wsp\u00f3lnocie.&nbsp;<\/p>\n\n\n\n<p><strong>2022\u00a0&#8211; Program wieloletni na rzecz Os\u00f3b Starszych \u201eAktywni+\u201d na lata 2021-2025\u00a0AKTYWNI +\u00a0<\/strong><\/p>\n\n\n\n<p><strong>Senior 60+ w obywatelskim dzia\u0142aniu \u2013 <\/strong>kwota dofinasowania 223 480,00 z\u0142&nbsp;<\/p>\n\n\n\n<p>Celem proj. jest podniesienie kompetencji, umiej\u0119tno\u015bci i postaw w\u015br\u00f3d 240 os\u00f3b w wieku powy\u017cej 60 r.\u017c zwanych dalej &#8222;seniorami&#8221;. Projekt b\u0119dzie d\u0105\u017cy\u0142 do zwi\u0119kszenia zaanga\u017cowania spo\u0142ecznego jak i obywatelskiego os\u00f3b 60+ w 15 \u015brodowiskach lokalnych na ter. wojew\u00f3dztwa \u015bl\u0105skiego, co przyczyni si\u0119 bezpo\u015brednio do wzrostu zar\u00f3wno ich reprezentatywno\u015bci jak i ich interes\u00f3w publicznych w polityce lokalnej i reg. Uczestnikami Projektu (UP)b\u0119d\u0105 seniorzy (osoby 60+) dzia\u0142aj\u0105cy na rzecz swoich \u015brodowisk lokalnych z r\u00f3\u017cnych cz\u0119\u015bci wojew\u00f3dztwa \u015bl\u0105skiego. \u015arodowiska te stanowi\u0105 przedzia\u0142 strukturalny woj. z p\u00f3\u0142nocy na po\u0142udnie i z zachodu na wch\u00f3d -gmin wiejskich, miejsko-wiejskich i miast ma\u0142ych tych do 25 ty\u015b. i du\u017cych.\u202fProjekt przewiduje wsparcie uczestnik\u00f3w zgodnymi i wzajemnie si\u0119 przenikaj\u0105cymi dzia\u0142aniami z zakresu innowacji spo\u0142ecznych zar\u00f3wno na poziomie diagnozy jak i na poziomie szkole\u0144 i certyfikacji.&nbsp;<br>Projekt podda profesjonalnym i kompleksowym badaniom senior\u00f3w jakimi b\u0119d\u0105 ProfiCompetenceTest (diagnoza profilu osobowo\u015bci) a nast\u0119pnie pozwoli im zdoby\u0107 w nowatorsk\u0105 wiedz\u0119 za pomoc\u0105 zwalidowanych i zindywidualizowanych narz\u0119dzi wytworzonych w trakcie realizacji projektu innowacyjnego &#8222;Z matryc\u0105 do innowacyjnej przedsi\u0119b.&#8221;.&nbsp;<br>Za\u0142o\u017cone dzia\u0142ania:&nbsp;<\/p>\n\n\n\n<p>1.Szkolenie ,,Inicjator Spraw Obywatelskich\u201d- ISO dla 90 przedstawicieli, zrzeszonych m.in.: w Radach Senior\u00f3w, UTW, SEIiR, i innych organ. dzia\u0142aj\u0105cych na rzecz senior\u00f3w.&nbsp;<\/p>\n\n\n\n<p>2. Senioralna Inicjatywa Obywatelska w jej ramach odb\u0119d\u0105 si\u0119 2 dzia\u0142ania:&nbsp;<\/p>\n\n\n\n<p>&#8211; Utworzenie i obs\u0142uga ,,Skrzynek Obywatelskich\u201d- w 15 gminach oraz&nbsp;<\/p>\n\n\n\n<p>&#8211; Warsztaty &#8222;Warsztaty Senioralnego Obywatela\u201d- WSO dla 15 grup \u015br. lokal. po 16 os. \/\u015br.lok., \u0142\u0105cznie 240 os.&nbsp;<\/p>\n\n\n\n<p>Cz\u0119\u015b\u0107 wyjazdowa projektu (integracyjno-warsztatowa) b\u0119dzie realizowana w miejscu wy\u0142onionym z drodze rozeznania rynku.G\u0142\u00f3wnymi jednak miejscami realizacji zadania b\u0119dzie 15 \u015brod.lokalnych usytuowanych w gminach wojew\u00f3dztwa \u015bl\u0105skiego.&nbsp;<\/p>\n\n\n\n<p>3. Organizacja Konferencji pn.&#8221;Senior-inicjatorem spraw obywatelskich\u201d.&nbsp;<\/p>\n\n\n\n<p><strong>2021\u00a0&#8211; Program wieloletni na rzecz Os\u00f3b Starszych \u201eAktywni+\u201d na lata 2021-2025\u00a0AKTYWNI +\u00a0<\/strong><\/p>\n\n\n\n<p><strong>Senior 60+ w obywatelskim dzia\u0142aniu <\/strong><strong>\u2013 <\/strong>kwota dofinansowania 166 460,00 z\u0142&nbsp;<\/p>\n\n\n\n<p>Celem proj. jest podniesienie kompetencji, umiej\u0119tno\u015bci i postaw w\u015br\u00f3d 240 os\u00f3b w wieku powy\u017cej 60 r.\u017c zwanych dalej &#8222;seniorami&#8221;. Proj. b\u0119dzie d\u0105\u017cy\u0142 do zwi\u0119kszenia zaanga\u017cowania spo\u0142. jak i obywatelskiego os\u00f3b 60+ w 15 gminach na ter. woj.\u015bl., co przyczyni si\u0119 bezpo\u015brednio do wzrostu zar\u00f3wno ich poz. reprezentatywno\u015bci jak i ich interes\u00f3w publicznych w polityce lokal. i region. woj.. UP proj. b\u0119d\u0105 seniorzy (osoby 60+) dzia\u0142aj\u0105cy na rzecz swoich \u015brod. lokalnych. Proj. przewiduje wsparcie uczestnik\u00f3w zgodnymi i wzajemnie si\u0119 przenikaj\u0105cymi dzia\u0142aniami z zakresu innowacji spo\u0142. zar\u00f3wno na poziomie diagnozy jak i na poziomie szkole\u0144 i certyfikacji&nbsp;<\/p>\n\n\n\n<p>Cel projektu zak\u0142ada si\u0119 wypracowa\u0107 do 31.12.2021 roku&nbsp;<\/p>\n\n\n\n<p>Zak\u0142ada si\u0119 \u017ce wytworzonym produktem b\u0119d\u0105 narz\u0119dzia diagnozy postaw w zakresie innowacji spo\u0142ecznych na podstawie kt\u00f3rej zostanie przyj\u0119ta \u015bcie\u017cka wsparcia, z wykorzystaniem narz\u0119dzi IT.&nbsp;<\/p>\n\n\n\n<p>Proj. podda profesjonalnym i kompleksowym badaniom senior\u00f3w jakimi b\u0119d\u0105 ProfiCompetenceTest (diagnoza profilu osobowo\u015bci) a nast\u0119pnie pozwoli im zdoby\u0107 w nowatorsk\u0105 wiedz\u0119 za pomoc\u0105 zwalidowanych i zindywidualizowanych narz\u0119dzi. Cel ten zostanie oparty na\u202f proj.&#8221;Z matryc\u0105 do Innowacji (&#8230;)&#8221; kt\u00f3ry zosta\u0142 pozyt. zwalidowany przez zewn. ekspert\u00f3w tj. Konfederacja Lewiatan, Pol. Wroc\u0142. oraz UM Woj. \u015al.) oraz by\u0142 zrealizowany jako proj. innowacyjny konkursu organizowanego w ramach prior. VIII\/IN POKL .&nbsp;<\/p>\n\n\n\n<p>Za\u0142o\u017cone dzia\u0142ania\u202f\u202f\u202f\u202f\u202f&nbsp;<\/p>\n\n\n\n<ol start=\"1\" class=\"wp-block-list\">\n<li>Senioralna Inicjatywa Obywatelska(SIO) w jej ramach odb\u0119d\u0105 si\u0119 2 dzia\u0142ania: -Utworzenie i obs\u0142uga ,,Skrzynek Obywatelskich\u201d- w 15 gminach oraz Warsztaty ,,Warsztaty Senioralnego Obywatela\u201d- WSO dla 15 grup gminnych po 16 os. \/gminie, \u0142\u0105cznie\u202f 240 os.\u00a0<\/li>\n<\/ol>\n\n\n\n<ol start=\"2\" class=\"wp-block-list\">\n<li>Szkolenie ,,Inicjator Spraw Obywatelskich\u201d- ISO dla 90 przedstawicieli (6 z 15 \u015arodowisk), dzia\u0142aj\u0105cych na rzecz swoich \u015brodowisk zrzeszonych m.in.:\u202f w Radach Senior\u00f3w, UTW, SEIiR, KS i innych tego typu organizacjach dzia\u0142aj\u0105cych na rzecz senior\u00f3w\u00a0<\/li>\n<\/ol>\n\n\n\n<ol start=\"3\" class=\"wp-block-list\">\n<li>Organizacja Konferencji pn. ,,Senior-inicjatorem spraw obywatelskich\u201d.\u00a0<\/li>\n<\/ol>\n\n\n\n<p><strong>2020\u00a0PROGRAMU FUNDUSZ INICJATYW OBYWATELSKICH &#8211; KONKURS FIO 2020\u00a0\u00a0&#8211; FIO\u00a0<\/strong><\/p>\n\n\n\n<p><strong>Seniorze do dzie\u0142a! \u2013 <\/strong>kwota dotacji &#8211; 117 975,00 z\u0142&nbsp;<\/p>\n\n\n\n<p>Celem g\u0142\u00f3wnym jest w spos\u00f3b innowacyjny podniesienie poziomu zaanga\u017cowania spo\u0142ecznego i obywatelskiego os\u00f3b starszych w wieku 60 + w woj. \u015bl\u0105skim i reprezentatywno\u015bci ich interesu w polityce lokalnej i regionalnej woj. \u015bl\u0105skiego, w tym przede wszystkim za pomoc\u0105 podniesienia kompetencji (w rozumieniu wiedzy, umiej\u0119tno\u015bci i postaw) os\u00f3b dzia\u0142aj\u0105cych na rzecz swoich \u015brodowisk lokalnych w tym m.in. w Gminnych Radach Senior\u00f3w (GRS) w terminie od 2020-03-01 do 2020-11-30. Uczestnikami projektu jest 180 senior\u00f3w (wy\u0142\u0105cznie osoby 60+) z 15 gmin w wojew\u00f3dztwie \u015bl\u0105skim. W ramach innowacyjnego projektu przewiduje si\u0119 wsparcie senior\u00f3w dzia\u0142aniami maj\u0105cymi aktywizowa\u0107 wybran\u0105 grup\u0119 i tak dobranymi, by by\u0142y wzajemnie wobec siebie komplementarne, tworz\u0105c jednocze\u015bnie logiczn\u0105 i sp\u00f3jn\u0105 ca\u0142o\u015b\u0107.Dzia\u0142ania w formie szkole\u0144 b\u0119d\u0105 wykorzystywa\u0107 wiedz\u0119 projektu innowacyjno testuj\u0105cego oraz organizacji PMI(USA) w zakresie ABL-Activity Based Learning.&nbsp;<\/p>\n\n\n\n<p>Przewiduje si\u0119 realizacj\u0119 nast\u0119puj\u0105cych dzia\u0142a\u0144:&nbsp;<\/p>\n\n\n\n<p>1. Szkolenie \u201eTw\u00f3rca Inicjatyw Obywatelskich\u201d &#8211;&nbsp;<br>TIO dla 30 przedstawicieli (po dw\u00f3ch ze \u015brodowiska przewidzianego do wsparcia) z 15 \u015brodowisk lokalnych, dzia\u0142aj\u0105cych na rzecz swoich \u015brodowisk m.in.zrzeszonych w GRS, UTW, SEiR, KS i innych tego typu organizacji \/ konstytucji.&nbsp;<\/p>\n\n\n\n<p>2. Akademia Realizacji Spraw Obywatelskich &#8211; w jej ramach planuj\u0119 si\u0119 realizacj\u0119 dw\u00f3ch inicjatyw:&nbsp;<br>a. Utworzenie i obs\u0142ug\u0119 \u201eSkrzynek Obywatelskich\u201d \u2013 w 15 gminach.\u202f&nbsp;<br>b. Warsztaty \u201eTw\u00f3rczy Senior\u201d \u2013 WTS, realizacja inicjatyw seniorskich w mojej gminie dla 15 grup gminnych, \u0142\u0105cznie dla 180 os\u00f3b.&nbsp;<\/p>\n\n\n\n<p>3.Organizacj\u0119 Eventu \u2013 \u201eAktywny Senior\u201d. Opisane powy\u017cej dzia\u0142ania projektowe przyczyni\u0105 si\u0119 do zwi\u0119kszenia poziomu wiedzy i aktywno\u015bci grupy docelowej w zakresie spo\u0142ecze\u0144stwa obywatelskiego i rozwi\u0105zywania problem\u00f3w spo\u0142eczno\u015bci lokalnej oraz wzrostu \u015bwiadomo\u015bci nt. znaczenia tej aktywno\u015bci&nbsp;<\/p>\n\n\n\n<p><\/p>\n","protected":false},"excerpt":{"rendered":"<p>PROGRAMU NOWEFIO &#8211; KONKURS NOWEFIO 2025\u202f\u00a0FIO\u00a0\u00a0 Obywatelu do dzie\u0142a ! \u2013 kwota dotacji 291 800,00 z\u0142&nbsp; Celem g\u0142\u00f3wnym projektu jest zwi\u0119kszenie zaanga\u017cowania w \u017cycie spo\u0142eczne grupy 240 senior\u00f3w (os\u00f3b 60+) obj\u0119tych wparciem w ramach projektu poprzez podniesienie ich wiedzy i umiej\u0119tno\u015bci w zakresie postaw obywatelskich co skutkowa\u0107 ma wzrostem ich reprezentatywno\u015bci w polityce lokalnej i\u2026 <span class=\"read-more\"><a href=\"https:\/\/psutw.piekary.pl\/index.php\/projekty\/\">Dowiedz si\u0119 wi\u0119cej &raquo;<\/a><\/span><\/p>\n","protected":false},"author":1,"featured_media":0,"parent":0,"menu_order":0,"comment_status":"closed","ping_status":"closed","template":"","meta":{"footnotes":""},"class_list":["post-141","page","type-page","status-publish","hentry"],"_links":{"self":[{"href":"https:\/\/psutw.piekary.pl\/index.php\/wp-json\/wp\/v2\/pages\/141","targetHints":{"allow":["GET"]}}],"collection":[{"href":"https:\/\/psutw.piekary.pl\/index.php\/wp-json\/wp\/v2\/pages"}],"about":[{"href":"https:\/\/psutw.piekary.pl\/index.php\/wp-json\/wp\/v2\/types\/page"}],"author":[{"embeddable":true,"href":"https:\/\/psutw.piekary.pl\/index.php\/wp-json\/wp\/v2\/users\/1"}],"replies":[{"embeddable":true,"href":"https:\/\/psutw.piekary.pl\/index.php\/wp-json\/wp\/v2\/comments?post=141"}],"version-history":[{"count":1,"href":"https:\/\/psutw.piekary.pl\/index.php\/wp-json\/wp\/v2\/pages\/141\/revisions"}],"predecessor-version":[{"id":143,"href":"https:\/\/psutw.piekary.pl\/index.php\/wp-json\/wp\/v2\/pages\/141\/revisions\/143"}],"wp:attachment":[{"href":"https:\/\/psutw.piekary.pl\/index.php\/wp-json\/wp\/v2\/media?parent=141"}],"curies":[{"name":"wp","href":"https:\/\/api.w.org\/{rel}","templated":true}]}}